{"id":300,"date":"2021-05-11T17:46:02","date_gmt":"2021-05-11T20:46:02","guid":{"rendered":"https:\/\/educacao.niteroi.rj.gov.br\/?page_id=300"},"modified":"2026-04-10T11:05:35","modified_gmt":"2026-04-10T14:05:35","slug":"conselho-municipal-de-educacao-de-niteroi-cmen","status":"publish","type":"page","link":"https:\/\/www.educacao.niteroi.rj.gov.br\/?page_id=300","title":{"rendered":"Conselho Municipal de Educa\u00e7\u00e3o de Niter\u00f3i \u2013 CMEN"},"content":{"rendered":"<p>[et_pb_section fb_built=&#8221;1&#8243; fullwidth=&#8221;on&#8221; _builder_version=&#8221;4.8.0&#8243; _module_preset=&#8221;default&#8221;][et_pb_fullwidth_header title=&#8221;Conselhos&#8221; subhead=&#8221;@ET-DC@eyJkeW5hbWljIjp0cnVlLCJjb250ZW50IjoicG9zdF90aXRsZSIsInNldHRpbmdzIjp7ImJlZm9yZSI6IiIsImFmdGVyIjoiIn19@&#8221; text_orientation=&#8221;center&#8221; _builder_version=&#8221;4.8.0&#8243; _dynamic_attributes=&#8221;subhead&#8221; _module_preset=&#8221;default&#8221; title_font=&#8221;|600||on|||||&#8221; title_text_color=&#8221;#3a3a3a&#8221; title_font_size=&#8221;18px&#8221; subhead_font=&#8221;Montserrat|700|||||||&#8221; subhead_text_color=&#8221;#262626&#8243; subhead_font_size=&#8221;30px&#8221; subhead_line_height=&#8221;1.4em&#8221; background_color=&#8221;#e8e8e8&#8243; background_layout=&#8221;light&#8221;][\/et_pb_fullwidth_header][\/et_pb_section][et_pb_section fb_built=&#8221;1&#8243; _builder_version=&#8221;4.8.0&#8243; _module_preset=&#8221;default&#8221;][et_pb_row column_structure=&#8221;1_5,3_5,1_5&#8243; _builder_version=&#8221;4.9.6&#8243; _module_preset=&#8221;default&#8221; custom_padding=&#8221;0px||||false|false&#8221;][et_pb_column type=&#8221;1_5&#8243; _builder_version=&#8221;4.8.0&#8243; _module_preset=&#8221;default&#8221;][\/et_pb_column][et_pb_column type=&#8221;3_5&#8243; _builder_version=&#8221;4.8.0&#8243; _module_preset=&#8221;default&#8221;][et_pb_text _builder_version=&#8221;4.9.6&#8243; _module_preset=&#8221;default&#8221;]<\/p>\n<p style=\"text-align: justify;\">O Conselho Municipal de Educa\u00e7\u00e3o de Niter\u00f3i (CMEN) \u00e9 um \u00f3rg\u00e3o colegiado, criado pelo Decreto n\u00ba 4.024, de 17 de outubro de 1983. No ano de 1995, um novo Conselho, com fun\u00e7\u00f5es de assessoramento ao Governo Municipal foi institu\u00eddo pela Lei n\u00b0 1.435\/1995. Em 2005, \u00e9 promulgada a Lei n\u00b0 2.272\/2005, que disp\u00f5e sobre as atribui\u00e7\u00f5es, a composi\u00e7\u00e3o e o funcionamento do CMEN.<\/p>\n<p style=\"text-align: justify;\">A partir de ent\u00e3o, o CMEN passa a constituir-se como um \u00f3rg\u00e3o p\u00fablico do Sistema Municipal de Educa\u00e7\u00e3o, vinculado \u00e0 Secretaria de Educa\u00e7\u00e3o, representativo das demandas coletivas e comprometido com pr\u00e1ticas consultivas \u00e0 sociedade em geral.<\/p>\n<p style=\"text-align: justify;\">Nesta perspectiva, o CMEN efetiva-se como \u00f3rg\u00e3o de car\u00e1ter deliberativo, normativo, fiscalizador, controlador, consultivo, propositivo, mobilizador e mediador, no tocante \u00e0s mat\u00e9rias educacionais de sua responsabilidade no \u00e2mbito municipal, tendo suas compet\u00eancias, atribui\u00e7\u00f5es e normas de funcionamento definidas na Lei e em seu Regimento.<\/p>\n<p style=\"text-align: justify;\">A estrutura b\u00e1sica do CMEN \u00e9 composta pelas C\u00e2maras Permanentes de Educa\u00e7\u00e3o Infantil, de Ensino Fundamental, de Educa\u00e7\u00e3o de Jovens e Adultos, de Planejamento e Or\u00e7amento e de Legisla\u00e7\u00e3o e Normas, constitu\u00eddas por determinado n\u00famero de Conselheiros, designados pelo Presidente do CME, para examinar e deliberar, em reuni\u00f5es peri\u00f3dicas, sobre mat\u00e9rias de sua compet\u00eancia.<\/p>\n<p>&nbsp;<\/p>\n<h3><span style=\"color: #f4792a;\"><strong>Funcionamento<\/strong><\/span><\/h3>\n<p><strong>Endere\u00e7o:\u00a0<\/strong>Rua S\u00e3o Pedro, n\u00b0 108, sala 4, Centro, Niter\u00f3i.<\/p>\n<p><strong style=\"font-size: 14px;\">Email:<\/strong><span style=\"font-size: 14px;\">\u00a0<\/span><a style=\"font-size: 14px;\" href=\"mailto:conselho@educacao.niteroi.rj.gov.br\">conselho@educacao.niteroi.rj.gov.br<\/a><\/p>\n<p><em>As sess\u00f5es plen\u00e1rias s\u00e3o realizadas uma vez a cada m\u00eas, conforme calend\u00e1rio pr\u00e9-estabelecido pelo Colegiado.<\/em><\/p>\n<p>&nbsp;<\/p>\n<h3><span style=\"color: #f4792a;\"><strong>Gest\u00e3o CMEN 2026\/2028<\/strong><\/span><\/h3>\n<h4><strong><span style=\"font-size: small; color: #f4792a;\">PORTARIA N\u00b0 454\/2026 \u2013 Publicada em 01\/04\/2026<\/span><\/strong><\/h4>\n<p>&nbsp;<\/p>\n<p><strong>Presidente: <\/strong>Bira Marques<strong><br \/><\/strong><strong>Secret\u00e1ria Executiva: <\/strong>C\u00edntia da Luz Rodrigues<\/p>\n<p><strong>Representante da Faculdade de Educa\u00e7\u00e3o da Universidade Federal Fluminense (UFF)<\/strong><\/p>\n<p>JULI\u00c1N JOS\u00c9 GINDIN &#8211; Titular<br \/>VIVIANE MERLIM MORAES &#8211; Suplente<\/p>\n<p><strong>Representante do Sindicato Estadual dos Profissionais da Educa\u00e7\u00e3o (SEPE \u2013 Niter\u00f3i)<\/strong><\/p>\n<p>DIOGO HENRIQUE ARAUJO DE OLIVEIRA &#8211; Titular<br \/>AMANDA BASTOS AMORIM DE AMORIM &#8211; Suplente<\/p>\n<p><strong>Representante da Uni\u00e3o dos Professores P\u00fablicos no Estado &#8211; Sindicato (UPPES)<\/strong><\/p>\n<p>NEUZA CALDAS MAIA &#8211; Titular<br \/>LUCIANE LOBO DE AZEVEDO &#8211; Suplente<\/p>\n<p><strong>Representante do Sindicato de Professores Particulares de Niter\u00f3i e S\u00e3o Gon\u00e7alo (SINPRO)<\/strong><\/p>\n<p>RITA DE CASSIA OLIVEIRA LOPES DE SOUZA &#8211; Titular<br \/>SERGIO MIGUEL TURCATTO \u2013 Suplente<\/p>\n<p><strong>Representante do Conselho Escola Comunidade (CEC) \u2013 Segmento Pais de Alunos da Educa\u00e7\u00e3o Infantil<\/strong><\/p>\n<p>DANIELE BARBOSA SOARES- Titular<br \/>MICHELLI NUNES DE MENEZES \u2013 Suplente<\/p>\n<p><strong>Representante do Conselho Escola Comunidade (CEC) \u2013 Segmento Pais de Alunos do Ensino Fundamental<\/strong><\/p>\n<p>DAFNE ROCHA DE OLIVEIRA BASTOS &#8211; Titular<br \/>CICERA ALMEIDA LEITE DUARTE \u2013 Suplente<\/p>\n<p><strong>Representante do Conselho Escola- Comunidade (CEC) \u2013 Segmento Alunos da Educa\u00e7\u00e3o de Jovens e Adultos (EJA)<\/strong><\/p>\n<p>MABEL CRISTINA RODRIGUES PEREIRA \u2013 Titular<br \/>EDEMILSO DE SOUZA GOMES &#8211; Suplente<\/p>\n<p><strong>Representante da Secretaria de Estado de Educa\u00e7\u00e3o do Rio de Janeiro (SEEDUC-RJ<\/strong><\/p>\n<p>KELLY SANTOS PEREIRA &#8211; Titular<br \/>EVELYN DOS SANTOS SOUZA &#8211; Suplente<\/p>\n<p><strong>Representante do Sindicato dos Estabelecimentos Particulares de Ensino (SINEPE\/RJ)<\/strong><\/p>\n<p>FABR\u00cdCIO BAPTISTA DE MARTINO &#8211; Titular<br \/>LUIZ HENRIQUE MANSUR BARBOSA &#8211; Suplente<\/p>\n<p><strong>Representante do Poder Executivo Municipal<\/strong><\/p>\n<p>AMANDA SILVA DE OLIVEIRA PINHEIRO &#8211; Titular<br \/>CARLA CRISTINA MARTINS DA CONCEI\u00c7\u00c3O VASCONCELLOS &#8211; Suplente<\/p>\n<p><strong>Representante do Poder Executivo Municipal<\/strong><\/p>\n<p><span data-olk-copy-source=\"MessageBody\">ARMANDO DE CASTRO CERQUEIRA AROSA &#8211; Titular<\/span><br \/>ANA FL\u00c1VIA TEIXEIRA V\u00c9RAS &#8211; Suplente<\/p>\n<p><strong>Representante do Poder Executivo Municipal<\/strong><\/p>\n<p>ANDREA ROSA BELLO &#8211; Titular<br \/>MARIANA PEREIRA DE OLIVEIRA &#8211; Suplente<\/p>\n<p><strong>Representante do Poder Executivo Municipal<\/strong><\/p>\n<p>M\u00c1RCIA MARIA DE JESUS PESSANHA &#8211; Titular<br \/>LUIZA CRISTINA RANGEL PINTO SASSI &#8211; Suplente<\/p>\n<p><strong>Representante da Comiss\u00e3o de Educa\u00e7\u00e3o e Cultura da C\u00e2mara Municipal de Niter\u00f3i<\/strong><\/p>\n<p><span style=\"font-size: 14px;\">ROBSON GUIMAR\u00c3ES JOS\u00c9 FILHO &#8211; Titular<br \/>ANDERSON JOS\u00c9 RODRIGUES &#8211; Suplente<\/span><\/p>\n<p>&nbsp;<\/p>\n<p>[\/et_pb_text][et_pb_menu disabled_on=&#8221;on|on|on&#8221; _builder_version=&#8221;4.9.6&#8243; _module_preset=&#8221;default&#8221; disabled=&#8221;on&#8221;][\/et_pb_menu][\/et_pb_column][et_pb_column type=&#8221;1_5&#8243; _builder_version=&#8221;4.8.0&#8243; _module_preset=&#8221;default&#8221;][et_pb_text admin_label=&#8221;Texto&#8221; _builder_version=&#8221;4.9.6&#8243; _module_preset=&#8221;default&#8221;]<\/p>\n<p><strong><span style=\"color: #f4792a;\">ATIVIDADES<\/span><\/strong><\/p>\n<p><a href=\"https:\/\/drive.google.com\/file\/d\/1XOx5K5iAqTNs5p8UTA6V1So9w6-TjFLA\/view?usp=sharing\">CALENDA\u0301RIO DE SESSO\u0303ES DO CMEN &#8211; 2026 <\/a><a href=\"https:\/\/drive.google.com\/file\/d\/1N4wSVx2Hz6e4LWksb3F5Rc8EY1_YVk_a\/view?usp=sharing\" rel=\"attachment wp-att-44573\">Aprovado pelo pleno em 15-12-2025<\/a><\/p>\n<p><strong><span style=\"color: #f4792a;\">ATAS REUNI\u00d5ES 2022<\/span><\/strong><\/p>\n<p><span style=\"color: #f4792a;\"><a href=\"https:\/\/drive.google.com\/file\/d\/1Z7Y65qB_7jrvIUnhMnAfeKeC7RJXA981\/view?usp=sharing\" rel=\"attachment wp-att-44663\">Ata da Sess\u00e3o Plen\u00e1ria do CMEN de 31 de janeiro&#8217;<\/a><\/span><\/p>\n<p><span style=\"color: #f4792a;\"><a href=\"https:\/\/drive.google.com\/file\/d\/1BJ28WRjpOIR0pqZYIkSfsqABooLVCi_t\/view?usp=sharing\" rel=\"attachment wp-att-44664\">Ata da Sess\u00e3o Plen\u00e1ria do CMEN de 21 de fevereiro<\/a><\/span><\/p>\n<p><span style=\"color: #f4792a;\"><a href=\"https:\/\/drive.google.com\/file\/d\/1eFiXgjOgw_NXjxCPynyWrxo5TwrsQRJ6\/view?usp=sharing\" rel=\"attachment wp-att-44665\">Ata da Sess\u00e3o Plen\u00e1ria do CMEN de 27 de junho<\/a><\/span><\/p>\n<p><span style=\"color: #f4792a;\"><a href=\"https:\/\/drive.google.com\/file\/d\/1yRi8Qrd9v8Nzkg0uLeBZU59ASlnVZjkI\/view?usp=sharing\" rel=\"attachment wp-att-44666\">Ata da Sess\u00e3o Plen\u00e1ria do CMEN de 08 de agosto<\/a><\/span><\/p>\n<p><span style=\"color: #f4792a;\"><a href=\"https:\/\/drive.google.com\/file\/d\/1HyHRUdGPTR-kTc5Vw4znZV0EavzAVsPg\/view?usp=sharing\" rel=\"attachment wp-att-44667\">Ata da Sess\u00e3o Plen\u00e1ria do CMEN de 05 de setembro<\/a><\/span><\/p>\n<p><span style=\"color: #f4792a;\"><a href=\"https:\/\/drive.google.com\/file\/d\/188SxAOmlEsBIZr9KGVoE4K_CXtKDtpS5\/view?usp=sharing\" rel=\"attachment wp-att-44668\">Ata da Sess\u00e3o Plen\u00e1ria do CMEN de 24 de outubro<\/a><\/span><\/p>\n<p><span style=\"color: #f4792a;\"><a href=\"https:\/\/drive.google.com\/file\/d\/1-e1ZvVPZnLphBJUeTRciDU56DzhKS63_\/view?usp=sharing\" rel=\"attachment wp-att-44669\">Ata da Sess\u00e3o Plen\u00e1ria do CMEN de 12 de dezembro<\/a><\/span><\/p>\n<p><span style=\"color: #f4792a;\"><strong>ATAS REUNI\u00d5ES 2023<\/strong><\/span><\/p>\n<p><span style=\"color: #f4792a;\"><a href=\"https:\/\/drive.google.com\/file\/d\/1_2b7aeQ20juwG0s-Vh8eSEQOAnuohO7A\/view?usp=sharing\" rel=\"attachment wp-att-44672\">Ata da Sess\u00e3o Plen\u00e1ria do CMEN de 27 de mar\u00e7o<\/a><\/span><\/p>\n<p><span style=\"color: #f4792a;\"><a href=\"https:\/\/drive.google.com\/file\/d\/1-fAuavjbeQFldg1fo-xEOpcfx0iPS33-\/view?usp=sharing\" rel=\"attachment wp-att-44673\">Ata da Sess\u00e3o Plen\u00e1ria do CMEN de 08 de maio<\/a><\/span><\/p>\n<p><span style=\"color: #f4792a;\"><a href=\"https:\/\/drive.google.com\/file\/d\/184PhjGovOzRfPKRRDguJ3nBgkvAgNYMm\/view?usp=sharing\" rel=\"attachment wp-att-44674\">Ata da Sess\u00e3o Plen\u00e1ria do CMEN de 26 de junho<\/a><\/span><\/p>\n<p><span style=\"color: #f4792a;\"><a href=\"https:\/\/drive.google.com\/file\/d\/1GkJIeUihTK6a4N5eXKiMPLqJdilGeJEb\/view?usp=sharing\" rel=\"attachment wp-att-44675\">Ata da Sess\u00e3o Plen\u00e1ria do CMEN de 31 de julho<\/a><\/span><\/p>\n<p><span style=\"color: #f4792a;\"><a href=\"https:\/\/drive.google.com\/file\/d\/1k8Y_Yl8o3Zj_BVfXsEHw0ZZSpu9H0GEs\/view?usp=sharing\" rel=\"attachment wp-att-44676\">Ata da Sess\u00e3o Plen\u00e1ria do CMEN de 28 de agosto<\/a><\/span><\/p>\n<p><span style=\"color: #f4792a;\"><a href=\"https:\/\/drive.google.com\/file\/d\/1Yz-My0hdUJ10Zok-8oEpExo72L2O_xNf\/view?usp=sharing\" rel=\"attachment wp-att-44677\">Ata da Sess\u00e3o Plen\u00e1ria do CMEN de 25 de setembro<\/a><\/span><\/p>\n<p><span style=\"color: #f4792a;\"><a href=\"https:\/\/drive.google.com\/file\/d\/1Td-AvHInqUJVtcfKkmq-KirC1dyfnvWv\/view?usp=sharing\" rel=\"attachment wp-att-44678\">Ata da Sess\u00e3o Plen\u00e1ria do CMEN de 23 de outubro<\/a><\/span><\/p>\n<p><span style=\"color: #f4792a;\"><a href=\"https:\/\/drive.google.com\/file\/d\/1xwLrbebvvRVMqLHObWfeiAhGs6yWsUbm\/view?usp=sharing\" rel=\"attachment wp-att-44679\">Ata da Sess\u00e3o Plen\u00e1ria do CMEN de 11 de dezembro<\/a><\/span><\/p>\n<p><strong style=\"font-size: 14px;\"><span style=\"color: #f4792a;\">ATAS REUNI\u00d5ES 2024<\/span><\/strong><\/p>\n<p><span style=\"color: #f4792a;\"><a href=\"https:\/\/drive.google.com\/file\/d\/1Fw3kWGVbPFNgi3_qrIPb8Q9-mInokGwL\/view?usp=sharing\" rel=\"attachment wp-att-44626\">Ata da Sess\u00e3o Plen\u00e1ria do CMEM de 25 de mar\u00e7o<\/a><\/span><\/p>\n<p><span style=\"color: #f4792a;\"><a href=\"https:\/\/drive.google.com\/file\/d\/1AvjEIbKMe9jyklYa65N9KvYBRZm4yf0b\/view?usp=sharing\" rel=\"attachment wp-att-44630\">Ata da Sess\u00e3o Plen\u00e1ria do CMEN de 29 de abril<\/a><\/span><\/p>\n<p><span style=\"color: #f4792a;\"><a href=\"https:\/\/drive.google.com\/file\/d\/1PUplykwPoxug3H9Qq1-1kr5Rdy3iJ1Gr\/view?usp=sharing\" rel=\"attachment wp-att-44629\">Ata da Sess\u00e3o Plen\u00e1ria do CMEN de 27 de maio<\/a><\/span><\/p>\n<p><span style=\"color: #f4792a;\"><a href=\"https:\/\/drive.google.com\/file\/d\/1b_1iLqq3Du2JxN6-eawv3RyJ6mshuvYN\/view?usp=sharing\" rel=\"attachment wp-att-44627\">Ata da Sess\u00e3o Plen\u00e1ria do CMEN de 17 de junho<\/a><\/span><\/p>\n<p><span style=\"color: #f4792a;\"><a href=\"https:\/\/drive.google.com\/file\/d\/1Kc_8aTQVc_bY8Cv0OfvQ402tpgg-FCSJ\/view?usp=sharing\" rel=\"attachment wp-att-44631\">Ata da Sess\u00e3o Plen\u00e1ria do CMEN de 29 de julho<\/a><\/span><\/p>\n<p><span style=\"color: #f4792a;\"><a href=\"https:\/\/drive.google.com\/file\/d\/1iVyT_i7zKsSPLyTEu5WDeqStmAyAQdYR\/view?usp=sharing\" rel=\"attachment wp-att-44738\">Ata da Sess\u00e3o Plen\u00e1ria do CMEN de 26 de agosto<\/a><\/span><\/p>\n<p><span style=\"color: #f4792a;\"><a href=\"https:\/\/drive.google.com\/file\/d\/1vznYgJ76TwI417-Twh9MxfLI5E-tvxqK\/view?usp=sharing\" rel=\"attachment wp-att-45020\">Ata da Sessa\u0303o Plena\u0301ria do CMEN de 30 de setembro<\/a><\/span><\/p>\n<p><span style=\"color: #f4792a;\"><a href=\"https:\/\/drive.google.com\/file\/d\/1EfW8O7vSQKqm7O67qFgXPracHwILG1cx\/view?usp=drive_link\" rel=\"attachment wp-att-45020\">Ata da Sess\u00e3o Plen\u00e1ria do CME de 21 de outubro<\/a><\/span><\/p>\n<p><span style=\"color: #f4792a;\"><a href=\"https:\/\/drive.google.com\/file\/d\/1WKDh2MdPHY2oqMYYqC2Nzh-VwZZc779D\/view?usp=sharing\" rel=\"attachment wp-att-45020\">Ata da Sessa\u0303o Plena\u0301ria do CMEN de 18 de novembro<\/a><\/span><\/p>\n<p><span style=\"color: #f4792a;\"><a href=\"https:\/\/drive.google.com\/file\/d\/1nwJjNZoVQF1f7bvvuYCNrdchEJWIrOra\/view?usp=sharing\">Ata da Sess\u00e3o Plen\u00e1ria do CMEN de 16 de dezembro<\/a><\/span><\/p>\n<p><strong style=\"font-size: 14px;\"><span style=\"color: #f4792a;\">ATAS REUNI\u00d5ES 2025<\/span><\/strong><\/p>\n<p><span style=\"color: #f4792a;\"><a href=\"https:\/\/drive.google.com\/file\/d\/1aBALjK3CfMtVMIEOhAuVQoPCP000lN1r\/view?usp=sharing\">Ata da Sess\u00e3o Plen\u00e1ria do CMEN de 03 de fevereiro<\/a><\/span><\/p>\n<p><a href=\"https:\/\/www.educacao.niteroi.rj.gov.br\/wp-content\/uploads\/2025\/04\/Ata-da-Sessao-plenaria-do-CMEN-de-24-de-fevereiro-de-2025.pdf\">Ata da Sess\u00e3o Plen\u00e1ria do CMEN de 24 de fevereiro\u00a0<\/a><\/p>\n<p><a href=\"https:\/\/www.educacao.niteroi.rj.gov.br\/wp-content\/uploads\/2025\/05\/Ata-da-Sessao-plenaria-do-CMEN-de-31-de-marco-de-2025.pdf\">Ata da Sess\u00e3o Plen\u00e1ria do CMEN de 31 de mar\u00e7o<\/a><\/p>\n<p><a href=\"https:\/\/drive.google.com\/file\/d\/1Yd1eukaAhr_D2bfFr9CwdIweq98eq5bJ\/view?usp=sharing\">Ata da Sess\u00e3o Plen\u00e1ria do CMEN de 28 de abril<\/a><\/p>\n<p><a href=\"https:\/\/drive.google.com\/file\/d\/1m6g_LOpf9iX0M0U4YSCN2e5-frS4WgMq\/view?usp=sharing\"><span data-olk-copy-source=\"MessageBody\">Ata da Sessa\u0303o plena\u0301ria do CMEN de 26 de maio 2025<\/span><\/a><\/p>\n<p><a href=\"https:\/\/drive.google.com\/file\/d\/14BAN_KuVKrxmVnLZHN9Y2ZzqpPa91Y-u\/view?usp=sharing\"><span data-olk-copy-source=\"MessageBody\">Ata da Sessa\u0303o plena\u0301ria do CMEN de 25 de junho de 2025<\/span><\/a><\/p>\n<p><a href=\"https:\/\/drive.google.com\/file\/d\/1NtQkhoDSFH3iwh-Blu33qgm5Twu7I7vN\/view?usp=sharing\"><span data-olk-copy-source=\"MessageBody\">Ata da Sessa\u0303o plena\u0301ria do CMEN de 04 de agosto de 2025<\/span><\/a><\/p>\n<p><a href=\"https:\/\/drive.google.com\/file\/d\/1MRJ8W5bxhXPF-SfnQu2AIs6mkGd6cBnU\/view?usp=sharing\"><span data-olk-copy-source=\"MessageBody\">Ata da Sessa\u0303o plena\u0301ria do CMEN de 25 de agosto de 2025<\/span><\/a><\/p>\n<p><a href=\"https:\/\/drive.google.com\/file\/d\/1Y_4xOyF7x6DckA7MVGo2cWLOrDOqgvdX\/view?usp=sharing\"><span data-olk-copy-source=\"MessageBody\">Ata da Sessa\u0303o plena\u0301ria do CMEN de 29 de setembro de 2025<\/span><\/a><\/p>\n<p><a href=\"https:\/\/drive.google.com\/file\/d\/1GRiqABGdSa0upFjLC0G5vCrW4o1hcOJn\/view?usp=sharing\"><span data-olk-copy-source=\"MessageBody\">Ata da Sessa\u0303o plena\u0301ria do CMEN de 03 de novembro de 2025<\/span><\/a><\/p>\n<p><a href=\"https:\/\/drive.google.com\/file\/d\/1-ZE0aviowxSvRMKjSBeKDxjYVAFioR6P\/view?usp=sharing\"><span data-olk-copy-source=\"MessageBody\">Ata da Sessa\u0303o plena\u0301ria do CMEN de 01 de dezembro de 2025<\/span><\/a><\/p>\n<p><a href=\"https:\/\/drive.google.com\/file\/d\/199unpnuLKd0KBnesRptaHWd5zyJB6kt0\/view?usp=sharing\"><span data-olk-copy-source=\"MessageBody\">Ata da Sessa\u0303o plena\u0301ria do CMEN de 15 de dezembro de 2025<\/span><\/a><\/p>\n<p><strong style=\"font-size: 14px;\"><span style=\"color: #f4792a;\">ATAS REUNI\u00d5ES 2026<\/span><\/strong><\/p>\n<p><a href=\"https:\/\/drive.google.com\/file\/d\/1QkhdWYkKAod43adDJ8wgwVA-ujEQEtJ1\/view?usp=sharing\"><span data-olk-copy-source=\"MessageBody\">Ata da Sessa\u0303o plena\u0301ria do CMEN de 23 de fevereiro de 2026<\/span><\/a><\/p>\n<p><span style=\"color: #f4792a;\"><a href=\"https:\/\/drive.google.com\/file\/d\/1yh2UmGKbGr644lgW97787kQUrQl2c3GI\/view?usp=sharing\"><span style=\"font-weight: bold;\">DELIBERA\u00c7\u00c3O CME N\u00ba 039\/2019<\/span>, que fixa diretrizes para o funcionamento de institui\u00e7\u00f5es que atendem \u00e0 Educa\u00e7\u00e3o Infantil no Sistema Municipal de Ensino de Niter\u00f3i.<\/a><\/span><\/p>\n<p>&nbsp;<\/p>\n<p>&nbsp;<\/p>\n<p>&nbsp;<\/p>\n<p>&nbsp;<\/p>\n<p>&nbsp;<\/p>\n<p>[\/et_pb_text][\/et_pb_column][\/et_pb_row][\/et_pb_section]<\/p>\n","protected":false},"excerpt":{"rendered":"<p>[et_pb_section fb_built=&#8221;1&#8243; fullwidth=&#8221;on&#8221; _builder_version=&#8221;4.8.0&#8243; _module_preset=&#8221;default&#8221;][et_pb_fullwidth_header title=&#8221;Conselhos&#8221; subhead=&#8221;@ET-DC@eyJkeW5hbWljIjp0cnVlLCJjb250ZW50IjoicG9zdF90aXRsZSIsInNldHRpbmdzIjp7ImJlZm9yZSI6IiIsImFmdGVyIjoiIn19@&#8221; text_orientation=&#8221;center&#8221; _builder_version=&#8221;4.8.0&#8243; _dynamic_attributes=&#8221;subhead&#8221; _module_preset=&#8221;default&#8221; title_font=&#8221;|600||on|||||&#8221; title_text_color=&#8221;#3a3a3a&#8221; title_font_size=&#8221;18px&#8221; subhead_font=&#8221;Montserrat|700|||||||&#8221; subhead_text_color=&#8221;#262626&#8243; subhead_font_size=&#8221;30px&#8221; subhead_line_height=&#8221;1.4em&#8221; background_color=&#8221;#e8e8e8&#8243; background_layout=&#8221;light&#8221;][\/et_pb_fullwidth_header][\/et_pb_section][et_pb_section fb_built=&#8221;1&#8243; _builder_version=&#8221;4.8.0&#8243; _module_preset=&#8221;default&#8221;][et_pb_row column_structure=&#8221;1_5,3_5,1_5&#8243; _builder_version=&#8221;4.9.6&#8243; _module_preset=&#8221;default&#8221; custom_padding=&#8221;0px||||false|false&#8221;][et_pb_column type=&#8221;1_5&#8243; _builder_version=&#8221;4.8.0&#8243; _module_preset=&#8221;default&#8221;][\/et_pb_column][et_pb_column type=&#8221;3_5&#8243; _builder_version=&#8221;4.8.0&#8243; _module_preset=&#8221;default&#8221;][et_pb_text _builder_version=&#8221;4.9.6&#8243; _module_preset=&#8221;default&#8221;] O Conselho Municipal de Educa\u00e7\u00e3o de Niter\u00f3i (CMEN) \u00e9 um \u00f3rg\u00e3o colegiado, criado pelo Decreto n\u00ba 4.024, de 17 de [&hellip;]<\/p>\n","protected":false},"author":7,"featured_media":0,"parent":0,"menu_order":0,"comment_status":"closed","ping_status":"closed","template":"","meta":{"_et_pb_use_builder":"on","_et_pb_old_content":"","_et_gb_content_width":"","footnotes":""},"class_list":["post-300","page","type-page","status-publish","hentry"],"_links":{"self":[{"href":"https:\/\/www.educacao.niteroi.rj.gov.br\/index.php?rest_route=\/wp\/v2\/pages\/300","targetHints":{"allow":["GET"]}}],"collection":[{"href":"https:\/\/www.educacao.niteroi.rj.gov.br\/index.php?rest_route=\/wp\/v2\/pages"}],"about":[{"href":"https:\/\/www.educacao.niteroi.rj.gov.br\/index.php?rest_route=\/wp\/v2\/types\/page"}],"author":[{"embeddable":true,"href":"https:\/\/www.educacao.niteroi.rj.gov.br\/index.php?rest_route=\/wp\/v2\/users\/7"}],"replies":[{"embeddable":true,"href":"https:\/\/www.educacao.niteroi.rj.gov.br\/index.php?rest_route=%2Fwp%2Fv2%2Fcomments&post=300"}],"version-history":[{"count":69,"href":"https:\/\/www.educacao.niteroi.rj.gov.br\/index.php?rest_route=\/wp\/v2\/pages\/300\/revisions"}],"predecessor-version":[{"id":47816,"href":"https:\/\/www.educacao.niteroi.rj.gov.br\/index.php?rest_route=\/wp\/v2\/pages\/300\/revisions\/47816"}],"wp:attachment":[{"href":"https:\/\/www.educacao.niteroi.rj.gov.br\/index.php?rest_route=%2Fwp%2Fv2%2Fmedia&parent=300"}],"curies":[{"name":"wp","href":"https:\/\/api.w.org\/{rel}","templated":true}]}}